{"id":9559,"date":"2024-07-10T13:42:56","date_gmt":"2024-07-10T16:42:56","guid":{"rendered":"https:\/\/www.mtgsc.com.br\/?page_id=9559"},"modified":"2024-08-19T08:33:37","modified_gmt":"2024-08-19T11:33:37","slug":"mais-prendada-prenda-2024","status":"publish","type":"page","link":"https:\/\/www.mtgsc.com.br\/en\/fecart\/mais-prendada-prenda-2024\/","title":{"rendered":"Concurso da Mais Prendada Prenda &#8211; XXV FECART"},"content":{"rendered":"<a href=\"https:\/\/www.mtgsc.com.br\/en\/fecart\/\" target=\"_self\" itemprop=\"url\" rel=\"noopener\">\n\t\t\t\t<img loading=\"lazy\" decoding=\"async\" src=\"https:\/\/www.mtgsc.com.br\/wp-content\/uploads\/2024\/07\/cabecalho-internas-xxv-fecart-1.jpg\" alt=\"cabecalho-internas-xxv-fecart\" itemprop=\"image\" height=\"113\" width=\"1000\" title=\"cabecalho-internas-xxv-fecart\" onerror=\"this.style.display='none'\"  \/>\n\t\t\t\t<\/a>\n<h1>\n\t\tConcurso de Mais Prendada Prenda\n\t<\/h1>\n\t<p>A Diretoria Cultural do MTG\/SC informa que foi realizado recorte do Regulamento do Concurso da Mais Prendada Prenda do XXV FECART, facilitando a consulta e entendimento pelas concorrentes deste concurso, estando separado dos demais concursos art\u00edsticos que ocorrem no evento.<\/p>\n<h2>\n\t\t<a href=\"https:\/\/www.mtgsc.com.br\/wp-content\/uploads\/2024\/07\/Temas-para-Sorteio-Mais-Prendada-Prenda-XXV-FECART.pdf\" title=\"- Temas para Sorteio (.pdf)\" target=\"_blank\" rel=\"noopener\">\n\t\t&#8211; Temas para Sorteio (.pdf)\n\t\t<\/a>\n\t<\/h2>\n<h2>\n\t\t<a href=\"https:\/\/www.mtgsc.com.br\/wp-content\/uploads\/2024\/07\/Informativo_sobre_equipamentos.pdf\" title=\"- Informativo sobre os Equipamentos (.pdf)\" target=\"_blank\" rel=\"noopener\">\n\t\t&#8211; Informativo sobre os Equipamentos (.pdf)\n\t\t<\/a>\n\t<\/h2>\n<h2>\n\t\t<a href=\"https:\/\/www.mtgsc.com.br\/wp-content\/uploads\/2024\/07\/Informativo_sobre_titulos.pdf\" title=\"- Informativo sobre os t\u00edtulos (.pdf)\" target=\"_blank\" rel=\"noopener\">\n\t\t&#8211; Informativo sobre os t\u00edtulos (.pdf)\n\t\t<\/a>\n\t<\/h2>\n\t\t\t<a href=\"https:\/\/www.mtgsc.com.br\/wp-content\/uploads\/2024\/07\/Regulamento-Concurso-Mais-Prendada-Prenda.pdf\" target=\"_blank\" rel=\"noopener\">\n\t\t\t\t\t\tRegulamento para o Concurso Mais Prendada Prenda | XXV Fecart (.pdf)\n\t\t\t\t\t<\/a>\n<h1>\n\t\tComiss\u00e3o Avaliadora: Pr\u00e9-Mirim, Mirim, Veterana e Xir\u00fa\n\t<\/h1>\n\t<p><a href=\"https:\/\/www.mtgsc.com.br\/wp-content\/uploads\/2024\/08\/CURRICULUM-COMISSAO-2.pdf\" target=\"_blank\" rel=\"noopener\"><em>Clique e confira o Curr\u00edculo dos Avaliadores<\/em><\/a><\/p>\n\t\t\t\t<img loading=\"lazy\" decoding=\"async\" src=\"https:\/\/www.mtgsc.com.br\/wp-content\/uploads\/2024\/05\/LECY-TEREZINHA-PINHEIRO-DE-OLIVEIRA-SOUZa.jpg\" alt=\"Lecy Terezinha Pinheiro de Oliveira Souza | Avaliadora\" itemprop=\"image\" height=\"631\" width=\"429\" title=\"LECY TEREZINHA PINHEIRO DE OLIVEIRA SOUZa\" onerror=\"this.style.display='none'\"  \/>\n\t\tLecy Terezinha Pinheiro de Oliveira Souza | Avaliadora\n\t\t\t\t<img loading=\"lazy\" decoding=\"async\" src=\"https:\/\/www.mtgsc.com.br\/wp-content\/uploads\/2024\/08\/ALAN-WILLIAN-ROSA.jpg\" alt=\"Alan Willian Rosa | Avaliador\" itemprop=\"image\" height=\"500\" width=\"500\" title=\"ALAN-WILLIAN-ROSA\" onerror=\"this.style.display='none'\"  \/>\n\t\tAlan Willian Rosa | Avaliador\n\t\t\t\t<img loading=\"lazy\" decoding=\"async\" src=\"https:\/\/www.mtgsc.com.br\/wp-content\/uploads\/2024\/08\/MARCIA-RITA-DE-OLIVEIRA-BARBOSA-AMARAL.jpg\" alt=\"Marcia Rita de Oliveira Barbosa Amaral | Avaliadora\" itemprop=\"image\" height=\"500\" width=\"500\" title=\"MARCIA-RITA-DE-OLIVEIRA-BARBOSA-AMARAL\" onerror=\"this.style.display='none'\"  \/>\n\t\tMarcia Rita de Oliveira Barbosa Amaral | Avaliadora\n\t\t\t\t<img loading=\"lazy\" decoding=\"async\" src=\"https:\/\/www.mtgsc.com.br\/wp-content\/uploads\/2024\/07\/VANESSA-VILLANOVA-KUHNEN-e1720535293564.png\" alt=\"Vanessa Villanova Kuhnen - 1\u00aa Prenda Veterana | Apoio\" itemprop=\"image\" height=\"1021\" width=\"806\" title=\"VANESSA VILLANOVA KUHNEN\" onerror=\"this.style.display='none'\"  \/>\n\t\tVanessa Villanova Kuhnen &#8211; 1\u00aa Prenda Veterana | Apoio\n\t\t\t\t<img loading=\"lazy\" decoding=\"async\" src=\"https:\/\/www.mtgsc.com.br\/wp-content\/uploads\/2024\/07\/ISABELLA-BAGGIO-SIMSEN.png\" alt=\"Isabella Baggio Simsen - 3\u00aa Prenda Mirim | Apoio\" itemprop=\"image\" height=\"653\" width=\"461\" title=\"ISABELLA BAGGIO SIMSEN\" onerror=\"this.style.display='none'\"  \/>\n\t\tIsabella Baggio Simsen &#8211; 3\u00aa Prenda Mirim | Apoio\n<h1>\n\t\tComiss\u00e3o Avaliadora: Juvenil e Adulta\n\t<\/h1>\n\t<p><a href=\"https:\/\/www.mtgsc.com.br\/wp-content\/uploads\/2024\/08\/CURRICULUM-COMISSAO-1.pdf\" target=\"_blank\" rel=\"noopener\"><em>Clique e confira o Curr\u00edculo dos Avaliadores<\/em><\/a><\/p>\n\t\t\t\t<img loading=\"lazy\" decoding=\"async\" src=\"https:\/\/www.mtgsc.com.br\/wp-content\/uploads\/2024\/05\/LUCIANE-FATIMA-SOMENZI-DALMAZ.jpg\" alt=\"Luciane Fatima Somenzi Dalmaz | Avaliadora\" itemprop=\"image\" height=\"618\" width=\"618\" title=\"LUCIANE FATIMA SOMENZI DALMAZ\" onerror=\"this.style.display='none'\"  \/>\n\t\tLuciane Fatima Somenzi Dalmaz | Avaliadora\n\t\t\t\t<img loading=\"lazy\" decoding=\"async\" src=\"https:\/\/www.mtgsc.com.br\/wp-content\/uploads\/2024\/08\/cristiano-morais.jpg\" alt=\"Cristiano Morais | Avaliador\" itemprop=\"image\" height=\"500\" width=\"500\" title=\"cristiano-morais\" onerror=\"this.style.display='none'\"  \/>\n\t\tCristiano Morais | Avaliador\n\t\t\t\t<img loading=\"lazy\" decoding=\"async\" src=\"https:\/\/www.mtgsc.com.br\/wp-content\/uploads\/2024\/08\/GABRIELI-LUIZ-JUSTEN.jpg\" alt=\"Gabrieli Luiz Justen | Avaliadora\" itemprop=\"image\" height=\"500\" width=\"500\" title=\"GABRIELI-LUIZ-JUSTEN\" onerror=\"this.style.display='none'\"  \/>\n\t\tGabrieli Luiz Justen | Avaliadora\n\t\t\t\t<img loading=\"lazy\" decoding=\"async\" src=\"https:\/\/www.mtgsc.com.br\/wp-content\/uploads\/2024\/07\/MARINES-ANDRES.png\" alt=\"Marines Andres - 2\u00aa Prenda Xir\u00fa | Apoio\" itemprop=\"image\" height=\"673\" width=\"563\" title=\"MARINES ANDRES\" onerror=\"this.style.display='none'\"  \/>\n\t\tMarines Andres &#8211; 2\u00aa Prenda Xir\u00fa | Apoio\n\t\t\t\t<img loading=\"lazy\" decoding=\"async\" src=\"https:\/\/www.mtgsc.com.br\/wp-content\/uploads\/2024\/08\/Roberta-de-Almeida-Pessi.jpg\" alt=\"Roberta de Almeida Pessi | Apoio\" itemprop=\"image\" height=\"500\" width=\"500\" title=\"Roberta-de-Almeida-Pessi\" onerror=\"this.style.display='none'\"  \/>\n\t\tRoberta de Almeida Pessi | Apoio","protected":false},"excerpt":{"rendered":"<p>Concurso de Mais Prendada Prenda A Diretoria Cultural do MTG\/SC informa que foi realizado recorte do Regulamento do Concurso da Mais Prendada Prenda do XXV&hellip;<\/p>","protected":false},"author":4,"featured_media":5172,"parent":9022,"menu_order":0,"comment_status":"closed","ping_status":"closed","template":"","meta":{"footnotes":""},"class_list":["post-9559","page","type-page","status-publish","has-post-thumbnail","hentry"],"yoast_head":"<!-- This site is optimized with the Yoast SEO plugin v27.5 - https:\/\/yoast.com\/product\/yoast-seo-wordpress\/ -->\n<title>Concurso da Mais Prendada Prenda - XXV FECART - MTG\/SC - Movimento Tradicionalista Ga\u00facho do Estado de Santa Catarina<\/title>\n<meta name=\"robots\" content=\"index, follow, max-snippet:-1, max-image-preview:large, max-video-preview:-1\" \/>\n<link rel=\"canonical\" href=\"https:\/\/www.mtgsc.com.br\/en\/fecart\/mais-prendada-prenda-2024\/\" \/>\n<meta property=\"og:locale\" content=\"en_US\" \/>\n<meta property=\"og:type\" content=\"article\" \/>\n<meta property=\"og:title\" content=\"Concurso da Mais Prendada Prenda - XXV FECART - MTG\/SC - Movimento Tradicionalista Ga\u00facho do Estado de Santa Catarina\" \/>\n<meta property=\"og:description\" content=\"Concurso de Mais Prendada Prenda A Diretoria Cultural do MTG\/SC informa que foi realizado recorte do Regulamento do Concurso da Mais Prendada Prenda do XXV&hellip;\" \/>\n<meta property=\"og:url\" content=\"https:\/\/www.mtgsc.com.br\/en\/fecart\/mais-prendada-prenda-2024\/\" \/>\n<meta property=\"og:site_name\" content=\"MTG\/SC - Movimento Tradicionalista Ga\u00facho do Estado de Santa Catarina\" \/>\n<meta property=\"article:publisher\" content=\"https:\/\/www.facebook.com\/MTGSC\" \/>\n<meta property=\"article:modified_time\" content=\"2024-08-19T11:33:37+00:00\" \/>\n<meta property=\"og:image\" content=\"https:\/\/www.mtgsc.com.br\/wp-content\/uploads\/2022\/07\/mais-prendada-prenda.png\" \/>\n\t<meta property=\"og:image:width\" content=\"452\" \/>\n\t<meta property=\"og:image:height\" content=\"272\" \/>\n\t<meta property=\"og:image:type\" content=\"image\/png\" \/>\n<meta name=\"twitter:card\" content=\"summary_large_image\" \/>\n<meta name=\"twitter:label1\" content=\"Est. reading time\" \/>\n\t<meta name=\"twitter:data1\" content=\"5 minutes\" \/>\n<script type=\"application\/ld+json\" class=\"yoast-schema-graph\">{\"@context\":\"https:\\\/\\\/schema.org\",\"@graph\":[{\"@type\":\"WebPage\",\"@id\":\"https:\\\/\\\/www.mtgsc.com.br\\\/fecart\\\/mais-prendada-prenda-2024\\\/\",\"url\":\"https:\\\/\\\/www.mtgsc.com.br\\\/fecart\\\/mais-prendada-prenda-2024\\\/\",\"name\":\"Concurso da Mais Prendada Prenda - XXV FECART - MTG\\\/SC - Movimento Tradicionalista Ga\u00facho do Estado de Santa Catarina\",\"isPartOf\":{\"@id\":\"https:\\\/\\\/www.mtgsc.com.br\\\/#website\"},\"primaryImageOfPage\":{\"@id\":\"https:\\\/\\\/www.mtgsc.com.br\\\/fecart\\\/mais-prendada-prenda-2024\\\/#primaryimage\"},\"image\":{\"@id\":\"https:\\\/\\\/www.mtgsc.com.br\\\/fecart\\\/mais-prendada-prenda-2024\\\/#primaryimage\"},\"thumbnailUrl\":\"https:\\\/\\\/www.mtgsc.com.br\\\/wp-content\\\/uploads\\\/2022\\\/07\\\/mais-prendada-prenda.png\",\"datePublished\":\"2024-07-10T16:42:56+00:00\",\"dateModified\":\"2024-08-19T11:33:37+00:00\",\"breadcrumb\":{\"@id\":\"https:\\\/\\\/www.mtgsc.com.br\\\/fecart\\\/mais-prendada-prenda-2024\\\/#breadcrumb\"},\"inLanguage\":\"en-US\",\"potentialAction\":[{\"@type\":\"ReadAction\",\"target\":[\"https:\\\/\\\/www.mtgsc.com.br\\\/fecart\\\/mais-prendada-prenda-2024\\\/\"]}]},{\"@type\":\"ImageObject\",\"inLanguage\":\"en-US\",\"@id\":\"https:\\\/\\\/www.mtgsc.com.br\\\/fecart\\\/mais-prendada-prenda-2024\\\/#primaryimage\",\"url\":\"https:\\\/\\\/www.mtgsc.com.br\\\/wp-content\\\/uploads\\\/2022\\\/07\\\/mais-prendada-prenda.png\",\"contentUrl\":\"https:\\\/\\\/www.mtgsc.com.br\\\/wp-content\\\/uploads\\\/2022\\\/07\\\/mais-prendada-prenda.png\",\"width\":452,\"height\":272},{\"@type\":\"BreadcrumbList\",\"@id\":\"https:\\\/\\\/www.mtgsc.com.br\\\/fecart\\\/mais-prendada-prenda-2024\\\/#breadcrumb\",\"itemListElement\":[{\"@type\":\"ListItem\",\"position\":1,\"name\":\"In\u00edcio\",\"item\":\"https:\\\/\\\/www.mtgsc.com.br\\\/\"},{\"@type\":\"ListItem\",\"position\":2,\"name\":\"XXV FECART | 31\\\/08 e 01\\\/09 de 2024\",\"item\":\"https:\\\/\\\/www.mtgsc.com.br\\\/fecart\\\/\"},{\"@type\":\"ListItem\",\"position\":3,\"name\":\"Concurso da Mais Prendada Prenda &#8211; XXV FECART\"}]},{\"@type\":\"WebSite\",\"@id\":\"https:\\\/\\\/www.mtgsc.com.br\\\/#website\",\"url\":\"https:\\\/\\\/www.mtgsc.com.br\\\/\",\"name\":\"MTG\\\/SC 50 ANOS\",\"description\":\"Honrar a Hist\u00f3ria e Construir o Futuro\",\"publisher\":{\"@id\":\"https:\\\/\\\/www.mtgsc.com.br\\\/#organization\"},\"potentialAction\":[{\"@type\":\"SearchAction\",\"target\":{\"@type\":\"EntryPoint\",\"urlTemplate\":\"https:\\\/\\\/www.mtgsc.com.br\\\/?s={search_term_string}\"},\"query-input\":{\"@type\":\"PropertyValueSpecification\",\"valueRequired\":true,\"valueName\":\"search_term_string\"}}],\"inLanguage\":\"en-US\"},{\"@type\":\"Organization\",\"@id\":\"https:\\\/\\\/www.mtgsc.com.br\\\/#organization\",\"name\":\"MTG\\\/SC - Movimento Tradicionalista Ga\u00facho de Santa Catarina\",\"alternateName\":\"Movimento Tradicionalista Ga\u00facho de Santa Catarina\",\"url\":\"https:\\\/\\\/www.mtgsc.com.br\\\/\",\"logo\":{\"@type\":\"ImageObject\",\"inLanguage\":\"en-US\",\"@id\":\"https:\\\/\\\/www.mtgsc.com.br\\\/#\\\/schema\\\/logo\\\/image\\\/\",\"url\":\"https:\\\/\\\/www.mtgsc.com.br\\\/wp-content\\\/uploads\\\/2022\\\/03\\\/logo-2018-header-light.png\",\"contentUrl\":\"https:\\\/\\\/www.mtgsc.com.br\\\/wp-content\\\/uploads\\\/2022\\\/03\\\/logo-2018-header-light.png\",\"width\":169,\"height\":150,\"caption\":\"MTG\\\/SC - Movimento Tradicionalista Ga\u00facho de Santa Catarina\"},\"image\":{\"@id\":\"https:\\\/\\\/www.mtgsc.com.br\\\/#\\\/schema\\\/logo\\\/image\\\/\"},\"sameAs\":[\"https:\\\/\\\/www.facebook.com\\\/MTGSC\",\"https:\\\/\\\/www.instagram.com\\\/mtgsc\\\/\"]}]}<\/script>\n<!-- \/ Yoast SEO plugin. -->","yoast_head_json":{"title":"Concurso da Mais Prendada Prenda - XXV FECART - MTG\/SC - Movimento Tradicionalista Ga\u00facho do Estado de Santa Catarina","robots":{"index":"index","follow":"follow","max-snippet":"max-snippet:-1","max-image-preview":"max-image-preview:large","max-video-preview":"max-video-preview:-1"},"canonical":"https:\/\/www.mtgsc.com.br\/en\/fecart\/mais-prendada-prenda-2024\/","og_locale":"en_US","og_type":"article","og_title":"Concurso da Mais Prendada Prenda - XXV FECART - MTG\/SC - Movimento Tradicionalista Ga\u00facho do Estado de Santa Catarina","og_description":"Concurso de Mais Prendada Prenda A Diretoria Cultural do MTG\/SC informa que foi realizado recorte do Regulamento do Concurso da Mais Prendada Prenda do XXV&hellip;","og_url":"https:\/\/www.mtgsc.com.br\/en\/fecart\/mais-prendada-prenda-2024\/","og_site_name":"MTG\/SC - Movimento Tradicionalista Ga\u00facho do Estado de Santa Catarina","article_publisher":"https:\/\/www.facebook.com\/MTGSC","article_modified_time":"2024-08-19T11:33:37+00:00","og_image":[{"width":452,"height":272,"url":"https:\/\/www.mtgsc.com.br\/wp-content\/uploads\/2022\/07\/mais-prendada-prenda.png","type":"image\/png"}],"twitter_card":"summary_large_image","twitter_misc":{"Est. reading time":"5 minutes"},"schema":{"@context":"https:\/\/schema.org","@graph":[{"@type":"WebPage","@id":"https:\/\/www.mtgsc.com.br\/fecart\/mais-prendada-prenda-2024\/","url":"https:\/\/www.mtgsc.com.br\/fecart\/mais-prendada-prenda-2024\/","name":"Concurso da Mais Prendada Prenda - XXV FECART - MTG\/SC - Movimento Tradicionalista Ga\u00facho do Estado de Santa Catarina","isPartOf":{"@id":"https:\/\/www.mtgsc.com.br\/#website"},"primaryImageOfPage":{"@id":"https:\/\/www.mtgsc.com.br\/fecart\/mais-prendada-prenda-2024\/#primaryimage"},"image":{"@id":"https:\/\/www.mtgsc.com.br\/fecart\/mais-prendada-prenda-2024\/#primaryimage"},"thumbnailUrl":"https:\/\/www.mtgsc.com.br\/wp-content\/uploads\/2022\/07\/mais-prendada-prenda.png","datePublished":"2024-07-10T16:42:56+00:00","dateModified":"2024-08-19T11:33:37+00:00","breadcrumb":{"@id":"https:\/\/www.mtgsc.com.br\/fecart\/mais-prendada-prenda-2024\/#breadcrumb"},"inLanguage":"en-US","potentialAction":[{"@type":"ReadAction","target":["https:\/\/www.mtgsc.com.br\/fecart\/mais-prendada-prenda-2024\/"]}]},{"@type":"ImageObject","inLanguage":"en-US","@id":"https:\/\/www.mtgsc.com.br\/fecart\/mais-prendada-prenda-2024\/#primaryimage","url":"https:\/\/www.mtgsc.com.br\/wp-content\/uploads\/2022\/07\/mais-prendada-prenda.png","contentUrl":"https:\/\/www.mtgsc.com.br\/wp-content\/uploads\/2022\/07\/mais-prendada-prenda.png","width":452,"height":272},{"@type":"BreadcrumbList","@id":"https:\/\/www.mtgsc.com.br\/fecart\/mais-prendada-prenda-2024\/#breadcrumb","itemListElement":[{"@type":"ListItem","position":1,"name":"In\u00edcio","item":"https:\/\/www.mtgsc.com.br\/"},{"@type":"ListItem","position":2,"name":"XXV FECART | 31\/08 e 01\/09 de 2024","item":"https:\/\/www.mtgsc.com.br\/fecart\/"},{"@type":"ListItem","position":3,"name":"Concurso da Mais Prendada Prenda &#8211; XXV FECART"}]},{"@type":"WebSite","@id":"https:\/\/www.mtgsc.com.br\/#website","url":"https:\/\/www.mtgsc.com.br\/","name":"MTG\/SC 50 ANOS","description":"Honrar a Hist\u00f3ria e Construir o Futuro","publisher":{"@id":"https:\/\/www.mtgsc.com.br\/#organization"},"potentialAction":[{"@type":"SearchAction","target":{"@type":"EntryPoint","urlTemplate":"https:\/\/www.mtgsc.com.br\/?s={search_term_string}"},"query-input":{"@type":"PropertyValueSpecification","valueRequired":true,"valueName":"search_term_string"}}],"inLanguage":"en-US"},{"@type":"Organization","@id":"https:\/\/www.mtgsc.com.br\/#organization","name":"MTG\/SC - Movimento Tradicionalista Ga\u00facho de Santa Catarina","alternateName":"Movimento Tradicionalista Ga\u00facho de Santa Catarina","url":"https:\/\/www.mtgsc.com.br\/","logo":{"@type":"ImageObject","inLanguage":"en-US","@id":"https:\/\/www.mtgsc.com.br\/#\/schema\/logo\/image\/","url":"https:\/\/www.mtgsc.com.br\/wp-content\/uploads\/2022\/03\/logo-2018-header-light.png","contentUrl":"https:\/\/www.mtgsc.com.br\/wp-content\/uploads\/2022\/03\/logo-2018-header-light.png","width":169,"height":150,"caption":"MTG\/SC - Movimento Tradicionalista Ga\u00facho de Santa Catarina"},"image":{"@id":"https:\/\/www.mtgsc.com.br\/#\/schema\/logo\/image\/"},"sameAs":["https:\/\/www.facebook.com\/MTGSC","https:\/\/www.instagram.com\/mtgsc\/"]}]}},"_links":{"self":[{"href":"https:\/\/www.mtgsc.com.br\/en\/wp-json\/wp\/v2\/pages\/9559","targetHints":{"allow":["GET"]}}],"collection":[{"href":"https:\/\/www.mtgsc.com.br\/en\/wp-json\/wp\/v2\/pages"}],"about":[{"href":"https:\/\/www.mtgsc.com.br\/en\/wp-json\/wp\/v2\/types\/page"}],"author":[{"embeddable":true,"href":"https:\/\/www.mtgsc.com.br\/en\/wp-json\/wp\/v2\/users\/4"}],"replies":[{"embeddable":true,"href":"https:\/\/www.mtgsc.com.br\/en\/wp-json\/wp\/v2\/comments?post=9559"}],"version-history":[{"count":19,"href":"https:\/\/www.mtgsc.com.br\/en\/wp-json\/wp\/v2\/pages\/9559\/revisions"}],"predecessor-version":[{"id":9783,"href":"https:\/\/www.mtgsc.com.br\/en\/wp-json\/wp\/v2\/pages\/9559\/revisions\/9783"}],"up":[{"embeddable":true,"href":"https:\/\/www.mtgsc.com.br\/en\/wp-json\/wp\/v2\/pages\/9022"}],"wp:featuredmedia":[{"embeddable":true,"href":"https:\/\/www.mtgsc.com.br\/en\/wp-json\/wp\/v2\/media\/5172"}],"wp:attachment":[{"href":"https:\/\/www.mtgsc.com.br\/en\/wp-json\/wp\/v2\/media?parent=9559"}],"curies":[{"name":"wp","href":"https:\/\/api.w.org\/{rel}","templated":true}]}}